{"id":411,"date":"2015-06-22T22:40:10","date_gmt":"2015-06-22T22:40:10","guid":{"rendered":"https:\/\/www.albergueplazacatedral.com\/eu\/politica-de-cookies\/"},"modified":"2022-03-29T06:45:58","modified_gmt":"2022-03-29T06:45:58","slug":"politica-de-cookies","status":"publish","type":"page","link":"https:\/\/www.albergueplazacatedral.com\/eu\/politica-de-cookies\/","title":{"rendered":"Pol\u00edtica de cookies"},"content":{"rendered":"<p>El dominio <a href=\"https:\/\/www.albergueplazacatedral.com\/\">www.albergueplazacatedral.com<\/a> <strong>(con la marca Albergue Plaza Catedral)<\/strong> utiliza procedimientos autom\u00e1ticos de recogida de <em>Cookies<\/em> para reunir informaci\u00f3n personal, como puede ser el tipo de navegador o el sistema operativo, p\u00e1gina de referencia, ruta, dominio ISSP, etc. Ello nos ayudan a adaptar esta p\u00e1gina web a tus necesidades personales y favorecer una mejor experiencia de usuario.<\/p>\n<h3><strong>\u00a0<\/strong><strong>\u00bfQue son las Cookies?<\/strong><\/h3>\n<p>Una c<em>ookie<\/em> es un fichero de texto inofensivo que se almacena en tu navegador (Chrome, Firefox, etc) cuando visitas casi cualquier p\u00e1gina web.<\/p>\n<p>La utilidad de la <em>cookie<\/em> es que la web que vistas recuerde tu visita cuando vuelvas a navegar por ella, de modo que te facilite la navegaci\u00f3n y te sea de ayuda. Es decir, como p\u00e1gina web nos ayuda a mejorar la calidad, permiti\u00e9ndonos as\u00ed personalizar hasta cierto punto la navegaci\u00f3n de cada persona usuaria en particular.<\/p>\n<p>Aunque mucha gente no lo sabe, las <em>cookies<\/em> se llevan utilizando desde hace d\u00e9cadas. Adem\u00e1s, actualmente son esenciales para el funcionamiento de Internet, aportando innumerables ventajas en la prestaci\u00f3n de servicios interactivos y facilitando la navegaci\u00f3n.<\/p>\n<p>Recuerda que las <em>cookies<\/em> no pueden da\u00f1ar tu equipo y que, a cambio, el hecho de que est\u00e9n activadas ayuda al responsable de la web a identificar y resolver errores y mejorar as\u00ed la navegabilidad en ella, proporcionando una mejor experiencia a las personas usuarias de la web.<\/p>\n<p>\u00a0<\/p>\n<h3><strong>\u00bfQu\u00e9 no es una Cookie?<\/strong><\/h3>\n<p>No es un virus, ni un troyano, ni un gusano, ni spam, ni spyware, ni abre ventanas pop-up.<\/p>\n<p>\u00a0<\/p>\n<h3><strong>\u00bfQu\u00e9 informaci\u00f3n almacena una Cookie?<\/strong><\/h3>\n<p>Las <em>cookies<\/em> no suelen almacenar informaci\u00f3n sensible sobre ti, como tarjetas de cr\u00e9dito o datos bancarios, fotograf\u00edas, tu DNI o informaci\u00f3n personal.<\/p>\n<p>Los datos que guardan son de car\u00e1cter t\u00e9cnico, preferencias personales, personalizaci\u00f3n de contenidos, etc. Por ejemplo, el idioma con el que navegas o el tama\u00f1o de la letra.<\/p>\n<p>El servidor web no te asocia a ti como persona, si no a tu navegador web. De hecho, si por ejemplo navegas habitualmente con Firefox y pruebas a navegar por la misma web con otros navegadores, como Microsoft Edge o Chrome, ver\u00e1s que la web no se da cuenta que eres la misma persona, porque en realidad te est\u00e1 asociando al navegador.<\/p>\n<p>\u00a0<\/p>\n<h3><strong>\u00bfQu\u00e9 tipo de Cookies existen?<\/strong><\/h3>\n<p>Las <em>cookies,<\/em> en funci\u00f3n del tiempo que se queden instaladas, pueden dividirse en <em>cookies<\/em> de sesi\u00f3n o permanentes. Las primeras expiran cuando el usuario cierra el navegador. Las segundas expiran cuando se cumple el objetivo para el que sirven o bien cuando se borran manualmente.<\/p>\n<p>Adem\u00e1s, en funci\u00f3n de su objetivo, las <em>cookies<\/em> se pueden clasificar de la siguiente forma:<\/p>\n<p><strong>1) Cookies requeridas o t\u00e9cnicas: <\/strong>son aquellas estrictamente necesarias e imprescindibles para el correcto funcionamiento de la p\u00e1gina web. Normalmente se generan cuando el usuario accede al sitio web o inicia sesi\u00f3n.<\/p>\n<p>Permiten, entre otras cosas, saber cu\u00e1ndo est\u00e1 navegando un humano o una aplicaci\u00f3n automatizada, cu\u00e1ndo navega un usuario an\u00f3nimo y uno registrado, tareas b\u00e1sicas para el funcionamiento de cualquier web din\u00e1mica.<\/p>\n<p>Adem\u00e1s, mantienen identificada a la persona usuaria, de manera que, si abandona el sitio web y en otro momento vuelve a acceder a ella, el navegador o el dispositivo seguir\u00e1 identificado a esa persona usuaria, facilitando as\u00ed su navegaci\u00f3n sin tener que volver a identificarse.<\/p>\n<p>Del mismo modo, estas <em>Cookies<\/em> tambi\u00e9n sirven para comprobar si el usuario est\u00e1 autorizado para acceder a ciertos servicios o zonas del sitio web.<\/p>\n<p><strong>2) Cookies de preferencia: <\/strong>Permiten registrar toda aquella informaci\u00f3n relacionada con la forma en que se comporta la web o su aspecto, como por ejemplo el idioma usado o la regi\u00f3n desde donde se accede.<\/p>\n<p><strong>3) Cookies estad\u00edsticas \/ anal\u00edticas: <\/strong>Se utilizan para analizar y mejorar la experiencia de navegaci\u00f3n, optimizar el funcionamiento del sitio web, y ver c\u00f3mo interact\u00faan las personas visitantes. Recogen informaci\u00f3n sobre el tipo de navegaci\u00f3n que est\u00e1s realizando, las secciones que m\u00e1s utilizas, productos consultados, franja horaria habitual, idioma, etc.<\/p>\n<p><strong>4) <\/strong><strong>De marketing: <\/strong>Estas Cookies sirven para que, en los espacios de las webs, v\u00eddeos o redes sociales reservados a publicidad, aparezcan anuncios que puedan ser de tu inter\u00e9s, y no cualquier anuncio aleatorio. Este posible inter\u00e9s se deduce en funci\u00f3n de tus preferencias de navegaci\u00f3n, tu pa\u00eds de procedencia o idioma. Tambi\u00e9n son aquellas Cookies que recaban informaci\u00f3n sobre los anuncios mostrados a los usuarios del sitio web.<\/p>\n<p><strong>5) De geolocalizaci\u00f3n: <\/strong>Estas Cookies se utilizan para situar en qu\u00e9 pa\u00eds o regi\u00f3n se encuentra la persona usuaria que accede a un servicio del sitio web, de modo que pueda ofrecer contenidos o servicios adecuados a su localizaci\u00f3n.<\/p>\n<p>\u00a0<\/p>\n<h3><strong>\u00bfQu\u00e9 son las Cookies propias y las de terceros?<\/strong><\/h3>\n<p>Las <em>cookies propias<\/em> son las generadas por la p\u00e1gina que est\u00e1s visitando y las <em>de terceros<\/em> son las generadas por servicios o proveedores externos, como Facebook, Twitter o Google.<\/p>\n<p>\u00a0<\/p>\n<h3><strong>\u00bfQu\u00e9 ocurre si desactivo las Cookies?<\/strong><\/h3>\n<p>Para que entiendas el alcance que puede tener desactivar las <em>cookies<\/em>, se muestran unos ejemplos:<\/p>\n<ul>\n<li>No podr\u00e1s compartir contenidos de esa web en Facebook, Twitter o cualquier otra red social.<\/li>\n<li>El sitio web no podr\u00e1 adaptar los contenidos a tus preferencias personales, como suele ocurrir en las tiendas online.<\/li>\n<li>No podr\u00e1s acceder al \u00e1rea personal de esa web, como por ejemplo <em>Mi cuenta<\/em>, o <em>Mi perfil<\/em> o <em>Mis pedidos<\/em>.<\/li>\n<li>Tiendas online: No podr\u00e1s realizar compras por v\u00eda digital. Tendr\u00e1n que ser telef\u00f3nicas o visitando la tienda f\u00edsica, si es que dispone de ella.<\/li>\n<li>No ser\u00e1 posible personalizar tus preferencias geogr\u00e1ficas como franja horaria, divisa o idioma.<\/li>\n<li>El sitio web no podr\u00e1 realizar anal\u00edticas web sobre visitantes y tr\u00e1fico en la web, lo que dificultar\u00e1 que la web sea competitiva.<\/li>\n<li>No podr\u00e1s escribir en el blog, no podr\u00e1s subir fotos, publicar comentarios, valorar o puntuar contenidos. La web tampoco podr\u00e1 saber si t\u00fa eres un humano o una aplicaci\u00f3n automatizada que publica <em>spam<\/em>.<\/li>\n<li>No se podr\u00e1 mostrar publicidad personalizada o por sectores, lo que reducir\u00e1 los ingresos publicitarios de la web.<\/li>\n<li>Todas las redes sociales usan Si las desactivas no podr\u00e1s utilizar ninguna red social.<\/li>\n<\/ul>\n<p>\u00a0<\/p>\n<h3><strong>\u00bfSe pueden eliminar las cookies?<\/strong><\/h3>\n<p>La respuesta es, s\u00ed. Y no s\u00f3lo eliminar, tambi\u00e9n bloquear, de forma general o particular para un dominio espec\u00edfico.<\/p>\n<p>Para eliminar las <em>cookies<\/em> de un sitio web concreto debes ir a la configuraci\u00f3n de tu navegador y all\u00ed podr\u00e1s buscar las asociadas a ese dominio y eliminar sus <em>cookies<\/em>.<\/p>\n<p>\u00a0<\/p>\n<h3><strong>Desactivaci\u00f3n o eliminaci\u00f3n de cookies<\/strong><\/h3>\n<p>En cualquier momento podr\u00e1s ejercer tu derecho de desactivaci\u00f3n o eliminaci\u00f3n de cookies de este sitio web. Estas acciones se realizan de forma diferente en funci\u00f3n del navegador que est\u00e9 usando.<\/p>\n<p>\u00a0<\/p>\n<h3><strong>Configuraci\u00f3n y gesti\u00f3n de cookies<\/strong><\/h3>\n<p>Para m\u00e1s informaci\u00f3n sobre la configuraci\u00f3n personalizada de las cookies o para acceder a las opciones de activaci\u00f3n, restricci\u00f3n y \/ o inhabilitaci\u00f3n, se puede acudir a la secci\u00f3n de ayuda de tu navegador, para conocer m\u00e1s:<\/p>\n<p>\u00a0<\/p>\n<table>\n<tbody>\n<tr>\n<td width=\"111\">\n<p><strong>Google Chrome<\/strong><\/p>\n<\/td>\n<td width=\"491\">\n<p><a href=\"https:\/\/translate.google.com\/translate?hl=es&amp;prev=_t&amp;sl=auto&amp;tl=es&amp;u=http:\/\/support.google.com\/chrome\/bin\/answer.py%3Fhl%3Des%26answer%3D95647\">http:\/\/support.google.com\/chrome\/bin\/answer.py?hl=es&amp;answer=95647<\/a><\/p>\n<\/td>\n<\/tr>\n<tr>\n<td width=\"111\">\n<p><strong>Mozilla Firefox<\/strong><\/p>\n<\/td>\n<td width=\"491\">\n<p><u>https:\/\/support.mozilla.org\/es\/kb\/Deshabilitar%20cookies%20de%20terceros<\/u><\/p>\n<\/td>\n<\/tr>\n<tr>\n<td width=\"111\">\n<p><strong>Apple Safari<\/strong><\/p>\n<\/td>\n<td width=\"491\">\n<p><a href=\"https:\/\/translate.google.com\/translate?hl=es&amp;prev=_t&amp;sl=auto&amp;tl=es&amp;u=http:\/\/support.apple.com\/kb\/ph5042\">http:\/\/support.apple.com\/kb\/ph5042<\/a><\/p>\n<\/td>\n<\/tr>\n<tr>\n<td width=\"111\">\n<p><strong>Microsoft Edge<\/strong><\/p>\n<\/td>\n<td width=\"491\">\n<p><a href=\"https:\/\/support.microsoft.com\/es-es\/microsoft-edge\/eliminar-las-cookies-en-microsoft-edge-63947406-40ac-c3b8-57b9-2a946a29ae09\">https:\/\/support.microsoft.com\/es-es\/microsoft-edge\/eliminar-las-cookies-en-microsoft-edge-63947406-40ac-c3b8-57b9-2a946a29ae09<\/a><\/p>\n<\/td>\n<\/tr>\n<tr>\n<td width=\"111\">\n<p><strong>Internet Explorer<\/strong><\/p>\n<\/td>\n<td width=\"491\">\n<p><a href=\"https:\/\/translate.google.com\/translate?hl=es&amp;prev=_t&amp;sl=auto&amp;tl=es&amp;u=http:\/\/support.microsoft.com\/es-es\/help\/17442\/windows-internet-explorer-delete-manage-cookies\">http:\/\/support.microsoft.com\/es-es\/help\/17442\/windows-internet-explorer-delete-manage-cookies<\/a><\/p>\n<\/td>\n<\/tr>\n<\/tbody>\n<\/table>\n<p>\u00a0<\/p>\n<h3><strong>Actualizaci\u00f3n de la Pol\u00edtica e informaci\u00f3n de Cookies<\/strong><\/h3>\n<p>El responsable de esta web puede modificar esta Pol\u00edtica de Cookies en funci\u00f3n de las exigencias legislativas, reglamentarias, o con el fin de adaptar esta pol\u00edtica a las instrucciones dictadas.<\/p>\n<p>Esta pol\u00edtica e informaci\u00f3n sobre las cookies ha sido redactada y actualizada el d\u00eda 1 de <\/p>\n\n\n<p><\/p>\n","protected":false},"excerpt":{"rendered":"<p>El dominio www.albergueplazacatedral.com (con la marca Albergue Plaza Catedral) utiliza procedimientos autom\u00e1ticos de recogida de Cookies para reunir informaci\u00f3n personal, como puede ser el tipo de navegador o el sistema&#8230;<\/p>\n","protected":false},"author":1,"featured_media":171,"parent":0,"menu_order":0,"comment_status":"closed","ping_status":"closed","template":"","meta":{"_joinchat":[],"footnotes":""},"class_list":["post-411","page","type-page","status-publish","has-post-thumbnail","hentry"],"yoast_head":"<!-- This site is optimized with the Yoast SEO plugin v27.5 - https:\/\/yoast.com\/product\/yoast-seo-wordpress\/ -->\n<title>Pol\u00edtica de cookies - Iru\u00f1eako Katedral Enparantza Aterpea<\/title>\n<meta name=\"robots\" content=\"index, follow, max-snippet:-1, max-image-preview:large, max-video-preview:-1\" \/>\n<link rel=\"canonical\" href=\"https:\/\/www.albergueplazacatedral.com\/eu\/politica-de-cookies\/\" \/>\n<meta property=\"og:locale\" content=\"en_US\" \/>\n<meta property=\"og:type\" content=\"article\" \/>\n<meta property=\"og:title\" content=\"Pol\u00edtica de cookies - Iru\u00f1eako Katedral Enparantza Aterpea\" \/>\n<meta property=\"og:description\" content=\"El dominio www.albergueplazacatedral.com (con la marca Albergue Plaza Catedral) utiliza procedimientos autom\u00e1ticos de recogida de Cookies para reunir informaci\u00f3n personal, como puede ser el tipo de navegador o el sistema...\" \/>\n<meta property=\"og:url\" content=\"https:\/\/www.albergueplazacatedral.com\/eu\/politica-de-cookies\/\" \/>\n<meta property=\"og:site_name\" content=\"Iru\u00f1eako Katedral Enparantza Aterpea\" \/>\n<meta property=\"article:publisher\" content=\"https:\/\/www.facebook.com\/albergueplazacatedral\/?ref=ts&amp;amp%3bamp%3bamp%3bamp%3bfref=ts\" \/>\n<meta property=\"article:modified_time\" content=\"2022-03-29T06:45:58+00:00\" \/>\n<meta property=\"og:image\" content=\"https:\/\/www.albergueplazacatedral.com\/wp-content\/uploads\/2015\/06\/fachada-1.jpg\" \/>\n\t<meta property=\"og:image:width\" content=\"2000\" \/>\n\t<meta property=\"og:image:height\" content=\"1213\" \/>\n\t<meta property=\"og:image:type\" content=\"image\/jpeg\" \/>\n<meta name=\"twitter:card\" content=\"summary_large_image\" \/>\n<meta name=\"twitter:label1\" content=\"Est. reading time\" \/>\n\t<meta name=\"twitter:data1\" content=\"7 minutua\" \/>\n<script type=\"application\/ld+json\" class=\"yoast-schema-graph\">{\"@context\":\"https:\\\/\\\/schema.org\",\"@graph\":[{\"@type\":\"WebPage\",\"@id\":\"https:\\\/\\\/www.albergueplazacatedral.com\\\/eu\\\/politica-de-cookies\\\/\",\"url\":\"https:\\\/\\\/www.albergueplazacatedral.com\\\/eu\\\/politica-de-cookies\\\/\",\"name\":\"Pol\u00edtica de cookies - Iru\u00f1eako Katedral Enparantza Aterpea\",\"isPartOf\":{\"@id\":\"https:\\\/\\\/www.albergueplazacatedral.com\\\/#website\"},\"primaryImageOfPage\":{\"@id\":\"https:\\\/\\\/www.albergueplazacatedral.com\\\/eu\\\/politica-de-cookies\\\/#primaryimage\"},\"image\":{\"@id\":\"https:\\\/\\\/www.albergueplazacatedral.com\\\/eu\\\/politica-de-cookies\\\/#primaryimage\"},\"thumbnailUrl\":\"https:\\\/\\\/www.albergueplazacatedral.com\\\/wp-content\\\/uploads\\\/2015\\\/06\\\/P6181582.jpg\",\"datePublished\":\"2015-06-22T22:40:10+00:00\",\"dateModified\":\"2022-03-29T06:45:58+00:00\",\"breadcrumb\":{\"@id\":\"https:\\\/\\\/www.albergueplazacatedral.com\\\/eu\\\/politica-de-cookies\\\/#breadcrumb\"},\"inLanguage\":\"eu\",\"potentialAction\":[{\"@type\":\"ReadAction\",\"target\":[\"https:\\\/\\\/www.albergueplazacatedral.com\\\/eu\\\/politica-de-cookies\\\/\"]}]},{\"@type\":\"ImageObject\",\"inLanguage\":\"eu\",\"@id\":\"https:\\\/\\\/www.albergueplazacatedral.com\\\/eu\\\/politica-de-cookies\\\/#primaryimage\",\"url\":\"https:\\\/\\\/www.albergueplazacatedral.com\\\/wp-content\\\/uploads\\\/2015\\\/06\\\/P6181582.jpg\",\"contentUrl\":\"https:\\\/\\\/www.albergueplazacatedral.com\\\/wp-content\\\/uploads\\\/2015\\\/06\\\/P6181582.jpg\",\"width\":2000,\"height\":1177,\"caption\":\"Fachada del Hostel Plaza Catedral de Pamplona\"},{\"@type\":\"BreadcrumbList\",\"@id\":\"https:\\\/\\\/www.albergueplazacatedral.com\\\/eu\\\/politica-de-cookies\\\/#breadcrumb\",\"itemListElement\":[{\"@type\":\"ListItem\",\"position\":1,\"name\":\"Portada\",\"item\":\"https:\\\/\\\/www.albergueplazacatedral.com\\\/eu\\\/\"},{\"@type\":\"ListItem\",\"position\":2,\"name\":\"Pol\u00edtica de cookies\"}]},{\"@type\":\"WebSite\",\"@id\":\"https:\\\/\\\/www.albergueplazacatedral.com\\\/#website\",\"url\":\"https:\\\/\\\/www.albergueplazacatedral.com\\\/\",\"name\":\"Iru\u00f1eako Katedral Enparantza Aterpea\",\"description\":\"Toki ezin hobea Iru\u00f1eako erdigunean\",\"publisher\":{\"@id\":\"https:\\\/\\\/www.albergueplazacatedral.com\\\/#organization\"},\"potentialAction\":[{\"@type\":\"SearchAction\",\"target\":{\"@type\":\"EntryPoint\",\"urlTemplate\":\"https:\\\/\\\/www.albergueplazacatedral.com\\\/?s={search_term_string}\"},\"query-input\":{\"@type\":\"PropertyValueSpecification\",\"valueRequired\":true,\"valueName\":\"search_term_string\"}}],\"inLanguage\":\"eu\"},{\"@type\":\"Organization\",\"@id\":\"https:\\\/\\\/www.albergueplazacatedral.com\\\/#organization\",\"name\":\"Albergue Plaza Catedral\",\"url\":\"https:\\\/\\\/www.albergueplazacatedral.com\\\/\",\"logo\":{\"@type\":\"ImageObject\",\"inLanguage\":\"eu\",\"@id\":\"https:\\\/\\\/www.albergueplazacatedral.com\\\/#\\\/schema\\\/logo\\\/image\\\/\",\"url\":\"https:\\\/\\\/www.albergueplazacatedral.com\\\/wp-content\\\/uploads\\\/2015\\\/06\\\/albergue_logo.jpg\",\"contentUrl\":\"https:\\\/\\\/www.albergueplazacatedral.com\\\/wp-content\\\/uploads\\\/2015\\\/06\\\/albergue_logo.jpg\",\"width\":600,\"height\":366,\"caption\":\"Albergue Plaza Catedral\"},\"image\":{\"@id\":\"https:\\\/\\\/www.albergueplazacatedral.com\\\/#\\\/schema\\\/logo\\\/image\\\/\"},\"sameAs\":[\"https:\\\/\\\/www.facebook.com\\\/albergueplazacatedral\\\/?ref=ts&amp;amp;amp;amp;fref=ts\"]}]}<\/script>\n<!-- \/ Yoast SEO plugin. -->","yoast_head_json":{"title":"Pol\u00edtica de cookies - Iru\u00f1eako Katedral Enparantza Aterpea","robots":{"index":"index","follow":"follow","max-snippet":"max-snippet:-1","max-image-preview":"max-image-preview:large","max-video-preview":"max-video-preview:-1"},"canonical":"https:\/\/www.albergueplazacatedral.com\/eu\/politica-de-cookies\/","og_locale":"en_US","og_type":"article","og_title":"Pol\u00edtica de cookies - Iru\u00f1eako Katedral Enparantza Aterpea","og_description":"El dominio www.albergueplazacatedral.com (con la marca Albergue Plaza Catedral) utiliza procedimientos autom\u00e1ticos de recogida de Cookies para reunir informaci\u00f3n personal, como puede ser el tipo de navegador o el sistema...","og_url":"https:\/\/www.albergueplazacatedral.com\/eu\/politica-de-cookies\/","og_site_name":"Iru\u00f1eako Katedral Enparantza Aterpea","article_publisher":"https:\/\/www.facebook.com\/albergueplazacatedral\/?ref=ts&amp%3bamp%3bamp%3bamp%3bfref=ts","article_modified_time":"2022-03-29T06:45:58+00:00","og_image":[{"width":2000,"height":1213,"url":"https:\/\/www.albergueplazacatedral.com\/wp-content\/uploads\/2015\/06\/fachada-1.jpg","type":"image\/jpeg"}],"twitter_card":"summary_large_image","twitter_misc":{"Est. reading time":"7 minutua"},"schema":{"@context":"https:\/\/schema.org","@graph":[{"@type":"WebPage","@id":"https:\/\/www.albergueplazacatedral.com\/eu\/politica-de-cookies\/","url":"https:\/\/www.albergueplazacatedral.com\/eu\/politica-de-cookies\/","name":"Pol\u00edtica de cookies - Iru\u00f1eako Katedral Enparantza Aterpea","isPartOf":{"@id":"https:\/\/www.albergueplazacatedral.com\/#website"},"primaryImageOfPage":{"@id":"https:\/\/www.albergueplazacatedral.com\/eu\/politica-de-cookies\/#primaryimage"},"image":{"@id":"https:\/\/www.albergueplazacatedral.com\/eu\/politica-de-cookies\/#primaryimage"},"thumbnailUrl":"https:\/\/www.albergueplazacatedral.com\/wp-content\/uploads\/2015\/06\/P6181582.jpg","datePublished":"2015-06-22T22:40:10+00:00","dateModified":"2022-03-29T06:45:58+00:00","breadcrumb":{"@id":"https:\/\/www.albergueplazacatedral.com\/eu\/politica-de-cookies\/#breadcrumb"},"inLanguage":"eu","potentialAction":[{"@type":"ReadAction","target":["https:\/\/www.albergueplazacatedral.com\/eu\/politica-de-cookies\/"]}]},{"@type":"ImageObject","inLanguage":"eu","@id":"https:\/\/www.albergueplazacatedral.com\/eu\/politica-de-cookies\/#primaryimage","url":"https:\/\/www.albergueplazacatedral.com\/wp-content\/uploads\/2015\/06\/P6181582.jpg","contentUrl":"https:\/\/www.albergueplazacatedral.com\/wp-content\/uploads\/2015\/06\/P6181582.jpg","width":2000,"height":1177,"caption":"Fachada del Hostel Plaza Catedral de Pamplona"},{"@type":"BreadcrumbList","@id":"https:\/\/www.albergueplazacatedral.com\/eu\/politica-de-cookies\/#breadcrumb","itemListElement":[{"@type":"ListItem","position":1,"name":"Portada","item":"https:\/\/www.albergueplazacatedral.com\/eu\/"},{"@type":"ListItem","position":2,"name":"Pol\u00edtica de cookies"}]},{"@type":"WebSite","@id":"https:\/\/www.albergueplazacatedral.com\/#website","url":"https:\/\/www.albergueplazacatedral.com\/","name":"Iru\u00f1eako Katedral Enparantza Aterpea","description":"Toki ezin hobea Iru\u00f1eako erdigunean","publisher":{"@id":"https:\/\/www.albergueplazacatedral.com\/#organization"},"potentialAction":[{"@type":"SearchAction","target":{"@type":"EntryPoint","urlTemplate":"https:\/\/www.albergueplazacatedral.com\/?s={search_term_string}"},"query-input":{"@type":"PropertyValueSpecification","valueRequired":true,"valueName":"search_term_string"}}],"inLanguage":"eu"},{"@type":"Organization","@id":"https:\/\/www.albergueplazacatedral.com\/#organization","name":"Albergue Plaza Catedral","url":"https:\/\/www.albergueplazacatedral.com\/","logo":{"@type":"ImageObject","inLanguage":"eu","@id":"https:\/\/www.albergueplazacatedral.com\/#\/schema\/logo\/image\/","url":"https:\/\/www.albergueplazacatedral.com\/wp-content\/uploads\/2015\/06\/albergue_logo.jpg","contentUrl":"https:\/\/www.albergueplazacatedral.com\/wp-content\/uploads\/2015\/06\/albergue_logo.jpg","width":600,"height":366,"caption":"Albergue Plaza Catedral"},"image":{"@id":"https:\/\/www.albergueplazacatedral.com\/#\/schema\/logo\/image\/"},"sameAs":["https:\/\/www.facebook.com\/albergueplazacatedral\/?ref=ts&amp;amp;amp;amp;fref=ts"]}]}},"_links":{"self":[{"href":"https:\/\/www.albergueplazacatedral.com\/eu\/wp-json\/wp\/v2\/pages\/411","targetHints":{"allow":["GET"]}}],"collection":[{"href":"https:\/\/www.albergueplazacatedral.com\/eu\/wp-json\/wp\/v2\/pages"}],"about":[{"href":"https:\/\/www.albergueplazacatedral.com\/eu\/wp-json\/wp\/v2\/types\/page"}],"author":[{"embeddable":true,"href":"https:\/\/www.albergueplazacatedral.com\/eu\/wp-json\/wp\/v2\/users\/1"}],"replies":[{"embeddable":true,"href":"https:\/\/www.albergueplazacatedral.com\/eu\/wp-json\/wp\/v2\/comments?post=411"}],"version-history":[{"count":0,"href":"https:\/\/www.albergueplazacatedral.com\/eu\/wp-json\/wp\/v2\/pages\/411\/revisions"}],"wp:featuredmedia":[{"embeddable":true,"href":"https:\/\/www.albergueplazacatedral.com\/eu\/wp-json\/wp\/v2\/media\/171"}],"wp:attachment":[{"href":"https:\/\/www.albergueplazacatedral.com\/eu\/wp-json\/wp\/v2\/media?parent=411"}],"curies":[{"name":"wp","href":"https:\/\/api.w.org\/{rel}","templated":true}]}}